{"id":246,"date":"2018-05-06T18:07:21","date_gmt":"2018-05-06T16:07:21","guid":{"rendered":"https:\/\/www.work-now.eu\/?page_id=246"},"modified":"2019-02-23T19:26:02","modified_gmt":"2019-02-23T17:26:02","slug":"zasady-ochrany-osobnich-udaju","status":"publish","type":"page","link":"https:\/\/www.work-now.eu\/cs\/zasady-ochrany-osobnich-udaju\/","title":{"rendered":"Z\u00e1sady ochrany osobn\u00edch \u00fadaj\u016f"},"content":{"rendered":"<p>Informace o zpracov\u00e1n\u00ed osobn\u00edch \u00fadaj\u016f<\/p>\n<p>V\u00a0p\u0159\u00edpad\u011b zpracov\u00e1n\u00ed osobn\u00edch \u00fadaj\u016f, kter\u00e9 je nezbytn\u00e9 z\u00a0hlediska opat\u0159en\u00ed vedouc\u00edch k\u00a0uzav\u0159en\u00ed smlouvy s\u00a0uchaze\u010dem o zam\u011bstn\u00e1n\u00ed, tedy k\u00a0hled\u00e1n\u00ed uchaze\u010de o nab\u00edzenou pracovn\u00ed pozici,\u00a0jedn\u00e1n\u00ed o obsahu pracovn\u011bpr\u00e1vn\u00edho vztahu a souvisej\u00edc\u00ed z\u00e1le\u017eitosti.<\/p>\n<ul>\n<li>TOTO\u017dNOST A KONTAKTN\u00cd \u00daDAJE SPR\u00c1VCE\n<ol>\n<li>Spr\u00e1vcem Va\u0161ich osobn\u00edch \u00fadaj\u016f je spole\u010dnost IFNE Slovakia s.r.o., se s\u00eddlem Za hradbami 3, 902 01 Pezinok, Slovensko, I\u010cO: 35\u00a0845\u00a0350, Z\u00e1pis v\u00a0Obch.rejst\u0159\u00edku: Okresn\u00fd s\u00fad Bratislava I, oddiel Sro, vlo\u017eka \u010d.27531\/B (d\u00e1le jen \u201e<strong>spr\u00e1vce<\/strong>\u201c).<\/li>\n<li>Kontaktn\u00ed \u00fadaje spr\u00e1vce jsou n\u00e1sleduj\u00edc\u00ed: adresa pro doru\u010dov\u00e1n\u00ed: Za hradbami 3, 902 01 Pezinok, Slovensko, adresa elektronick\u00e9 po\u0161ty: <span class=\"pep-email\">info({%})work-now.eu<\/span>, telefon: 00421 915 706890.<\/li>\n<li>Spr\u00e1vce nejmenoval pov\u011b\u0159ence pro ochranu osobn\u00edch \u00fadaj\u016f.<\/li>\n<\/ol>\n<\/li>\n<li>Z\u00c1KONN\u00dd D\u016eVOD ZPRACOV\u00c1N\u00cd OSOBN\u00cdCH \u00daDAJ\u016e\n<ol>\n<li>Z\u00e1konn\u00fdm d\u016fvodem zpracov\u00e1n\u00ed Va\u0161ich osobn\u00edch \u00fadaj\u016f je skute\u010dnost, \u017ee\u00a0toto zpracov\u00e1n\u00ed je nezbytn\u00e9 pro proveden\u00ed opat\u0159en\u00ed p\u0159ijat\u00fdch p\u0159ed uzav\u0159en\u00edm smlouvy na Va\u0161i \u017e\u00e1dost (zasl\u00e1n\u00ed t\u011bchto osobn\u00edch \u00fadaj\u016f) a p\u0159\u00edpadn\u00e9 n\u00e1sledn\u00e9 jedn\u00e1n\u00ed o\u00a0obsahu pracovn\u011bpr\u00e1vn\u00edho vztahu mezi V\u00e1mi a\u00a0spr\u00e1vcem &#8211; zam\u011bstnavatelem ve\u00a0smyslu \u010dl. 6 odst. 1 p\u00edsm. b) Na\u0159\u00edzen\u00ed Evropsk\u00e9ho parlamentu a Rady 2016\/679 o\u00a0ochran\u011b fyzick\u00fdch osob v\u00a0souvislosti se\u00a0zpracov\u00e1n\u00edm osobn\u00edch \u00fadaj\u016f a o voln\u00e9m pohybu t\u011bchto \u00fadaj\u016f a o zru\u0161en\u00ed sm\u011brnice 95\/46\/ES (obecn\u00e9 na\u0159\u00edzen\u00ed o\u00a0ochran\u011b osobn\u00edch \u00fadaj\u016f) (d\u00e1le jen \u201e<strong>na\u0159\u00edzen\u00ed<\/strong>\u201c).<\/li>\n<\/ol>\n<\/li>\n<li>\u00da\u010cEL ZPRACOV\u00c1N\u00cd OSOBN\u00cdCH \u00daDAJ\u016e\n<ol>\n<li>\u00da\u010delem zpracov\u00e1n\u00ed Va\u0161ich osobn\u00edch \u00fadaj\u016f jsou opat\u0159en\u00ed sm\u011b\u0159uj\u00edc\u00ed k v\u00fdb\u011bru vhodn\u00e9ho kandid\u00e1ta na spr\u00e1vcem nab\u00edzenou pracovn\u00ed pozici a jedn\u00e1n\u00ed o\u00a0obsahu pracovn\u011bpr\u00e1vn\u00edho vztahu s\u00a0uchaze\u010dem o zam\u011bstn\u00e1n\u00ed a souvisej\u00edc\u00ed z\u00e1le\u017eitosti.<\/li>\n<li>Ze strany spr\u00e1vce nedoch\u00e1z\u00ed k\u00a0automatick\u00e9mu individu\u00e1ln\u00edmu rozhodov\u00e1n\u00ed ve\u00a0smyslu \u010dl. 22 na\u0159\u00edzen\u00ed.<\/li>\n<\/ol>\n<\/li>\n<li>DOBA ULO\u017dEN\u00cd OSOBN\u00cdCH \u00daDAJ\u016e\n<ol>\n<li>Doba, po kterou budou Va\u0161e osobn\u00ed \u00fadaje spr\u00e1vcem ulo\u017eeny, je doba nezbytn\u00e1 k\u00a0napln\u011bn\u00ed \u00fa\u010delu zpracov\u00e1n\u00ed \u2013 v\u00fdb\u011bru uchaze\u010de na popt\u00e1vanou pracovn\u00ed pozici a\u00a0uzav\u0159en\u00ed p\u0159\u00edslu\u0161n\u00e9ho smluvn\u00edho vztahu, nejd\u00e9le v\u0161ak po dobu stanovenou obecn\u011b z\u00e1vazn\u00fdmi pr\u00e1vn\u00edmi p\u0159edpisy.<\/li>\n<\/ol>\n<\/li>\n<li>DAL\u0160\u00cd P\u0158\u00cdJEMCI OSOBN\u00cdCH \u00daDAJ\u016e\n<ol>\n<li>Dal\u0161\u00edmi p\u0159\u00edjemci Va\u0161ich osobn\u00edch \u00fadaj\u016f budou zpracovatel\u00e9 osobn\u00edch \u00fadaj\u016f zaji\u0161\u0165uj\u00edc\u00ed pro spr\u00e1vce personalistick\u00e9 slu\u017eby.<\/li>\n<li>P\u0159\u00edjemci Va\u0161ich osobn\u00edch \u00fadaj\u016f mohou b\u00fdt poskytovatel\u00e9 zdravotn\u011b pe\u010dovatelsk\u00fdch slu\u017eeb v\u00a0souvislosti se z\u00e1konn\u00fdmi podm\u00ednkami pro\u00a0pracovn\u011bpe\u010dovatelsk\u00e9 slu\u017eby, jako p\u0159edpokladu pro v\u00fdkon pr\u00e1ce.<\/li>\n<li>Spr\u00e1vce nem\u00e1 v \u00famyslu p\u0159edat Va\u0161e osobn\u00ed \u00fadaje do t\u0159et\u00ed zem\u011b (do zem\u011b mimo EU) nebo mezin\u00e1rodn\u00ed organizaci.<\/li>\n<\/ol>\n<\/li>\n<li>PR\u00c1VA SUBJEKTU \u00daDAJ\u016e\n<ol>\n<li>Za podm\u00ednek stanoven\u00fdch v\u00a0na\u0159\u00edzen\u00ed m\u00e1te pr\u00e1vo po\u017eadovat od spr\u00e1vce p\u0159\u00edstup k\u00a0Va\u0161im osobn\u00edm \u00fadaj\u016fm, pr\u00e1vo na opravu nebo v\u00fdmaz Va\u0161ich osobn\u00edch \u00fadaj\u016f, pop\u0159\u00edpad\u011b omezen\u00ed jejich zpracov\u00e1n\u00ed, pokud nejsou k\u00a0v\u00fd\u0161e popsan\u00e9mu \u00fa\u010delu ji\u017e pot\u0159ebn\u00e9.<\/li>\n<li>Za podm\u00ednek stanoven\u00fdch v\u00a0na\u0159\u00edzen\u00ed m\u00e1te d\u00e1le pr\u00e1vo na p\u0159enositelnost Va\u0161ich osobn\u00edch \u00fadaj\u016f, u nich\u017e je z\u00e1konn\u00fdm d\u016fvodem zpracov\u00e1n\u00ed skute\u010dnost, \u017ee\u00a0toto zpracov\u00e1n\u00ed je nezbytn\u00e9 pro pln\u011bn\u00ed obsahu pracovn\u011bpr\u00e1vn\u00edho vztahu na z\u00e1klad\u011b pracovn\u00ed smlouvy \u010di smlouvy obdobn\u00e9 uzav\u0159en\u00e9 mezi V\u00e1mi a\u00a0spr\u00e1vcem &#8211; zam\u011bstnavatelem.<\/li>\n<li>Pokud byste se domn\u00edval(a), \u017ee zpracov\u00e1n\u00edm Va\u0161ich osobn\u00edch \u00fadaj\u016f bylo poru\u0161eno \u010di je poru\u0161ov\u00e1no na\u0159\u00edzen\u00ed, m\u00e1te mimo jin\u00e9 pr\u00e1vo podat st\u00ed\u017enost u\u00a0dozorov\u00e9ho \u00fa\u0159adu.<\/li>\n<li>Nem\u00e1te povinnost Va\u0161e osobn\u00ed \u00fadaje poskytnout. Poskytnut\u00ed Va\u0161ich osobn\u00edch \u00fadaj\u016f je\u00a0nutn\u00fdm po\u017eadavkem pro \u00fa\u010dast v\u00a0\u0159\u00edzen\u00ed na obsazen\u00ed uvoln\u011bn\u00e9ho pracovn\u00edho m\u00edsta v\u010detn\u011b vyjedn\u00e1v\u00e1n\u00ed o uzav\u0159en\u00ed pracovn\u011bpr\u00e1vn\u00edho vztahu mezi spr\u00e1vcem jako zam\u011bstnavatelem a V\u00e1mi jako zam\u011bstnancem v\u010detn\u011b obsahu pracovn\u011bpr\u00e1vn\u00edho vztahu, a povinnost\u00ed s\u00a0t\u00edm spojen\u00fdch. Bez poskytnut\u00ed Va\u0161ich osobn\u00edch \u00fadaj\u016f nen\u00ed mo\u017en\u00e9 sjednat pracovn\u011bpr\u00e1vn\u00ed vztah, jednat o obsahu pracovn\u011bpr\u00e1vn\u00edho vztahu a kone\u010dn\u011b ani \u0159\u00e1dn\u011b plnit povinnosti vztahuj\u00edc\u00ed se\u00a0k\u00a0pracovn\u011bpr\u00e1vn\u00edmu vztahu dle obecn\u011b z\u00e1vazn\u00fdch pr\u00e1vn\u00edch p\u0159edpis\u016f.<\/li>\n<\/ol>\n<\/li>\n<\/ul>\n","protected":false},"excerpt":{"rendered":"<p>Informace o zpracov\u00e1n\u00ed osobn\u00edch \u00fadaj\u016f V\u00a0p\u0159\u00edpad\u011b zpracov\u00e1n\u00ed osobn\u00edch \u00fadaj\u016f, kter\u00e9 je nezbytn\u00e9 z\u00a0hlediska opat\u0159en\u00ed vedouc\u00edch k\u00a0uzav\u0159en\u00ed smlouvy s\u00a0uchaze\u010dem o zam\u011bstn\u00e1n\u00ed, tedy k\u00a0hled\u00e1n\u00ed uchaze\u010de o nab\u00edzenou pracovn\u00ed pozici,\u00a0jedn\u00e1n\u00ed o obsahu pracovn\u011bpr\u00e1vn\u00edho vztahu a souvisej\u00edc\u00ed z\u00e1le\u017eitosti. TOTO\u017dNOST A KONTAKTN\u00cd \u00daDAJE SPR\u00c1VCE Spr\u00e1vcem Va\u0161ich osobn\u00edch \u00fadaj\u016f je spole\u010dnost IFNE Slovakia s.r.o., se s\u00eddlem Za hradbami 3, 902 01<\/p>\n","protected":false},"author":1,"featured_media":0,"parent":0,"menu_order":0,"comment_status":"closed","ping_status":"closed","template":"","meta":{"_acf_changed":false,"footnotes":""},"class_list":["post-246","page","type-page","status-publish","hentry","necervensie"],"acf":[],"yoast_head":"<!-- This site is optimized with the Yoast SEO plugin v26.1.1 - https:\/\/yoast.com\/wordpress\/plugins\/seo\/ -->\n<title>Z\u00e1sady ochrany osobn\u00edch \u00fadaj\u016f &#8212; Work now!<\/title>\n<meta name=\"robots\" content=\"index, follow, max-snippet:-1, max-image-preview:large, max-video-preview:-1\" \/>\n<meta property=\"og:locale\" content=\"cs_CZ\" \/>\n<meta property=\"og:type\" content=\"article\" \/>\n<meta property=\"og:title\" content=\"Z\u00e1sady ochrany osobn\u00edch \u00fadaj\u016f &#8212; Work now!\" \/>\n<meta property=\"og:description\" content=\"Informace o zpracov\u00e1n\u00ed osobn\u00edch \u00fadaj\u016f V\u00a0p\u0159\u00edpad\u011b zpracov\u00e1n\u00ed osobn\u00edch \u00fadaj\u016f, kter\u00e9 je nezbytn\u00e9 z\u00a0hlediska opat\u0159en\u00ed vedouc\u00edch k\u00a0uzav\u0159en\u00ed smlouvy s\u00a0uchaze\u010dem o zam\u011bstn\u00e1n\u00ed, tedy k\u00a0hled\u00e1n\u00ed uchaze\u010de o nab\u00edzenou pracovn\u00ed pozici,\u00a0jedn\u00e1n\u00ed o obsahu pracovn\u011bpr\u00e1vn\u00edho vztahu a souvisej\u00edc\u00ed z\u00e1le\u017eitosti. TOTO\u017dNOST A KONTAKTN\u00cd \u00daDAJE SPR\u00c1VCE Spr\u00e1vcem Va\u0161ich osobn\u00edch \u00fadaj\u016f je spole\u010dnost IFNE Slovakia s.r.o., se s\u00eddlem Za hradbami 3, 902 01\" \/>\n<meta property=\"og:url\" content=\"https:\/\/www.work-now.eu\/cs\/zasady-ochrany-osobnich-udaju\/\" \/>\n<meta property=\"og:site_name\" content=\"Work now!\" \/>\n<meta property=\"article:modified_time\" content=\"2019-02-23T17:26:02+00:00\" \/>\n<meta property=\"og:image\" content=\"https:\/\/www.work-now.eu\/wp-content\/uploads\/2018\/05\/default_facebook_cover.jpg\" \/>\n\t<meta property=\"og:image:width\" content=\"1200\" \/>\n\t<meta property=\"og:image:height\" content=\"628\" \/>\n\t<meta property=\"og:image:type\" content=\"image\/jpeg\" \/>\n<meta name=\"twitter:card\" content=\"summary_large_image\" \/>\n<meta name=\"twitter:label1\" content=\"Odhadovan\u00e1 doba \u010dten\u00ed\" \/>\n\t<meta name=\"twitter:data1\" content=\"4 minuty\" \/>\n<script type=\"application\/ld+json\" class=\"yoast-schema-graph\">{\"@context\":\"https:\/\/schema.org\",\"@graph\":[{\"@type\":\"WebPage\",\"@id\":\"https:\/\/www.work-now.eu\/cs\/zasady-ochrany-osobnich-udaju\/\",\"url\":\"https:\/\/www.work-now.eu\/cs\/zasady-ochrany-osobnich-udaju\/\",\"name\":\"Z\u00e1sady ochrany osobn\u00edch \u00fadaj\u016f &#8212; Work now!\",\"isPartOf\":{\"@id\":\"https:\/\/www.work-now.eu\/cs\/#website\"},\"datePublished\":\"2018-05-06T16:07:21+00:00\",\"dateModified\":\"2019-02-23T17:26:02+00:00\",\"breadcrumb\":{\"@id\":\"https:\/\/www.work-now.eu\/cs\/zasady-ochrany-osobnich-udaju\/#breadcrumb\"},\"inLanguage\":\"cs\",\"potentialAction\":[{\"@type\":\"ReadAction\",\"target\":[\"https:\/\/www.work-now.eu\/cs\/zasady-ochrany-osobnich-udaju\/\"]}]},{\"@type\":\"BreadcrumbList\",\"@id\":\"https:\/\/www.work-now.eu\/cs\/zasady-ochrany-osobnich-udaju\/#breadcrumb\",\"itemListElement\":[{\"@type\":\"ListItem\",\"position\":1,\"name\":\"Home\",\"item\":\"https:\/\/www.work-now.eu\/cs\/\"},{\"@type\":\"ListItem\",\"position\":2,\"name\":\"Z\u00e1sady ochrany osobn\u00edch \u00fadaj\u016f\"}]},{\"@type\":\"WebSite\",\"@id\":\"https:\/\/www.work-now.eu\/cs\/#website\",\"url\":\"https:\/\/www.work-now.eu\/cs\/\",\"name\":\"Work now!\",\"description\":\"Employment agency\",\"publisher\":{\"@id\":\"https:\/\/www.work-now.eu\/cs\/#organization\"},\"potentialAction\":[{\"@type\":\"SearchAction\",\"target\":{\"@type\":\"EntryPoint\",\"urlTemplate\":\"https:\/\/www.work-now.eu\/cs\/?s={search_term_string}\"},\"query-input\":{\"@type\":\"PropertyValueSpecification\",\"valueRequired\":true,\"valueName\":\"search_term_string\"}}],\"inLanguage\":\"cs\"},{\"@type\":\"Organization\",\"@id\":\"https:\/\/www.work-now.eu\/cs\/#organization\",\"name\":\"IFNE Slovakia s.r.o.\",\"url\":\"https:\/\/www.work-now.eu\/cs\/\",\"logo\":{\"@type\":\"ImageObject\",\"inLanguage\":\"cs\",\"@id\":\"https:\/\/www.work-now.eu\/cs\/#\/schema\/logo\/image\/\",\"url\":\"https:\/\/www.work-now.eu\/wp-content\/uploads\/2018\/05\/logo.png\",\"contentUrl\":\"https:\/\/www.work-now.eu\/wp-content\/uploads\/2018\/05\/logo.png\",\"width\":748,\"height\":113,\"caption\":\"IFNE Slovakia s.r.o.\"},\"image\":{\"@id\":\"https:\/\/www.work-now.eu\/cs\/#\/schema\/logo\/image\/\"}}]}<\/script>\n<!-- \/ Yoast SEO plugin. -->","yoast_head_json":{"title":"Z\u00e1sady ochrany osobn\u00edch \u00fadaj\u016f &#8212; Work now!","robots":{"index":"index","follow":"follow","max-snippet":"max-snippet:-1","max-image-preview":"max-image-preview:large","max-video-preview":"max-video-preview:-1"},"og_locale":"cs_CZ","og_type":"article","og_title":"Z\u00e1sady ochrany osobn\u00edch \u00fadaj\u016f &#8212; Work now!","og_description":"Informace o zpracov\u00e1n\u00ed osobn\u00edch \u00fadaj\u016f V\u00a0p\u0159\u00edpad\u011b zpracov\u00e1n\u00ed osobn\u00edch \u00fadaj\u016f, kter\u00e9 je nezbytn\u00e9 z\u00a0hlediska opat\u0159en\u00ed vedouc\u00edch k\u00a0uzav\u0159en\u00ed smlouvy s\u00a0uchaze\u010dem o zam\u011bstn\u00e1n\u00ed, tedy k\u00a0hled\u00e1n\u00ed uchaze\u010de o nab\u00edzenou pracovn\u00ed pozici,\u00a0jedn\u00e1n\u00ed o obsahu pracovn\u011bpr\u00e1vn\u00edho vztahu a souvisej\u00edc\u00ed z\u00e1le\u017eitosti. TOTO\u017dNOST A KONTAKTN\u00cd \u00daDAJE SPR\u00c1VCE Spr\u00e1vcem Va\u0161ich osobn\u00edch \u00fadaj\u016f je spole\u010dnost IFNE Slovakia s.r.o., se s\u00eddlem Za hradbami 3, 902 01","og_url":"https:\/\/www.work-now.eu\/cs\/zasady-ochrany-osobnich-udaju\/","og_site_name":"Work now!","article_modified_time":"2019-02-23T17:26:02+00:00","og_image":[{"width":1200,"height":628,"url":"https:\/\/www.work-now.eu\/wp-content\/uploads\/2018\/05\/default_facebook_cover.jpg","type":"image\/jpeg"}],"twitter_card":"summary_large_image","twitter_misc":{"Odhadovan\u00e1 doba \u010dten\u00ed":"4 minuty"},"schema":{"@context":"https:\/\/schema.org","@graph":[{"@type":"WebPage","@id":"https:\/\/www.work-now.eu\/cs\/zasady-ochrany-osobnich-udaju\/","url":"https:\/\/www.work-now.eu\/cs\/zasady-ochrany-osobnich-udaju\/","name":"Z\u00e1sady ochrany osobn\u00edch \u00fadaj\u016f &#8212; Work now!","isPartOf":{"@id":"https:\/\/www.work-now.eu\/cs\/#website"},"datePublished":"2018-05-06T16:07:21+00:00","dateModified":"2019-02-23T17:26:02+00:00","breadcrumb":{"@id":"https:\/\/www.work-now.eu\/cs\/zasady-ochrany-osobnich-udaju\/#breadcrumb"},"inLanguage":"cs","potentialAction":[{"@type":"ReadAction","target":["https:\/\/www.work-now.eu\/cs\/zasady-ochrany-osobnich-udaju\/"]}]},{"@type":"BreadcrumbList","@id":"https:\/\/www.work-now.eu\/cs\/zasady-ochrany-osobnich-udaju\/#breadcrumb","itemListElement":[{"@type":"ListItem","position":1,"name":"Home","item":"https:\/\/www.work-now.eu\/cs\/"},{"@type":"ListItem","position":2,"name":"Z\u00e1sady ochrany osobn\u00edch \u00fadaj\u016f"}]},{"@type":"WebSite","@id":"https:\/\/www.work-now.eu\/cs\/#website","url":"https:\/\/www.work-now.eu\/cs\/","name":"Work now!","description":"Employment agency","publisher":{"@id":"https:\/\/www.work-now.eu\/cs\/#organization"},"potentialAction":[{"@type":"SearchAction","target":{"@type":"EntryPoint","urlTemplate":"https:\/\/www.work-now.eu\/cs\/?s={search_term_string}"},"query-input":{"@type":"PropertyValueSpecification","valueRequired":true,"valueName":"search_term_string"}}],"inLanguage":"cs"},{"@type":"Organization","@id":"https:\/\/www.work-now.eu\/cs\/#organization","name":"IFNE Slovakia s.r.o.","url":"https:\/\/www.work-now.eu\/cs\/","logo":{"@type":"ImageObject","inLanguage":"cs","@id":"https:\/\/www.work-now.eu\/cs\/#\/schema\/logo\/image\/","url":"https:\/\/www.work-now.eu\/wp-content\/uploads\/2018\/05\/logo.png","contentUrl":"https:\/\/www.work-now.eu\/wp-content\/uploads\/2018\/05\/logo.png","width":748,"height":113,"caption":"IFNE Slovakia s.r.o."},"image":{"@id":"https:\/\/www.work-now.eu\/cs\/#\/schema\/logo\/image\/"}}]}},"_links":{"self":[{"href":"https:\/\/www.work-now.eu\/cs\/wp-json\/wp\/v2\/pages\/246","targetHints":{"allow":["GET"]}}],"collection":[{"href":"https:\/\/www.work-now.eu\/cs\/wp-json\/wp\/v2\/pages"}],"about":[{"href":"https:\/\/www.work-now.eu\/cs\/wp-json\/wp\/v2\/types\/page"}],"author":[{"embeddable":true,"href":"https:\/\/www.work-now.eu\/cs\/wp-json\/wp\/v2\/users\/1"}],"replies":[{"embeddable":true,"href":"https:\/\/www.work-now.eu\/cs\/wp-json\/wp\/v2\/comments?post=246"}],"version-history":[{"count":0,"href":"https:\/\/www.work-now.eu\/cs\/wp-json\/wp\/v2\/pages\/246\/revisions"}],"wp:attachment":[{"href":"https:\/\/www.work-now.eu\/cs\/wp-json\/wp\/v2\/media?parent=246"}],"curies":[{"name":"wp","href":"https:\/\/api.w.org\/{rel}","templated":true}]}}