{"id":156,"date":"2018-05-04T16:03:46","date_gmt":"2018-05-04T14:03:46","guid":{"rendered":"https:\/\/www.work-now.eu\/?page_id=156"},"modified":"2025-12-10T12:25:29","modified_gmt":"2025-12-10T10:25:29","slug":"kerdesek","status":"publish","type":"page","link":"https:\/\/www.work-now.eu\/hu\/kerdesek\/","title":{"rendered":"Gyakran feltett k\u00e9rd\u00e9sek"},"content":{"rendered":"<h3>Hogyan m\u0171k\u00f6dik az eg\u00e9sz?<\/h3>\n<p>Az \u00d6n egy\u00e9ni ig\u00e9nyeinek meghat\u00e1roz\u00e1sa \u00e9s megismer\u00e9se ut\u00e1n pr\u00f3b\u00e1ljuk \u00d6nnek a legmegfelel\u0151bb aj\u00e1nlatokat felk\u00edn\u00e1lni. <strong>Nem k\u00edn\u00e1lunk mindenkinek minden munk\u00e1t!<\/strong> Ezut\u00e1n m\u00e1r csak \u00d6n\u00f6n \u00e9s az intu\u00edci\u00f3j\u00e1n m\u00falik, hogy melyik a megfelel\u0151 aj\u00e1nlat. Ez az elj\u00e1r\u00e1s sok elpocs\u00e9kolt id\u0151t \u00e9s felesleges pr\u00f3b\u00e1lkoz\u00e1sokat sp\u00f3rol nek\u00fcnk.<\/p>\n<p><strong>Mi ny\u00edlt lapokkal \u00e9s tisztess\u00e9gesen j\u00e1tszunk!<\/strong> Ha nem biztos mag\u00e1ban \u00e9s szeretne tov\u00e1bbi &#8222;f\u00fcggetlen forr\u00e1sb\u00f3l sz\u00e1rmaz\u00f3&#8221; inform\u00e1ci\u00f3kat kapni akkor sz\u00edvesen adunk el\u00e9rhet\u0151s\u00e9get m\u00e1s jel\u00f6lteinkre akik az \u00fcgyn\u00f6ks\u00e9g\u00fcnknek k\u00f6sz\u00f6nhet\u0151en tal\u00e1lt\u00e1k meg az ide\u00e1lis \u00e1ll\u00e1st.<\/p>\n<p>Online \u00e1ll\u00e1sinterj\u00fat szervez\u00fcnk \u00d6nnek a munk\u00e1ltat\u00f3val. A v\u00e1laszt\u00e1s ut\u00e1n tan\u00e1csot adunk a foglalkoztat\u00e1shoz sz\u00fcks\u00e9ges iratok form\u00e1j\u00e1r\u00f3l \u00e9s tartalm\u00e1r\u00f3l, hogy megfeleljenek az szab\u00e1lyoz\u00e1snak. Ha sz\u00fcks\u00e9ges az iratokat leford\u00edtjuk angolra.<\/p>\n<p>Seg\u00edt\u00fcnk megtervezni az \u00fatj\u00e1t, ha sz\u00fcks\u00e9ges kiv\u00e1lasztjuk a megfelel\u0151 rep\u00fcl\u0151 j\u00e1ratot. Pontos utas\u00edt\u00e1st adunk \u00d6nnek arr\u00f3l, hogy hogyan jut el a munkaad\u00f3val megbesz\u00e9lt tal\u00e1lkoz\u00f3helyre.<\/p>\n<p>A meg\u00e9rkez\u00e9s ut\u00e1n sz\u00fcks\u00e9ges elv\u00e9gezni a kezdeti regisztr\u00e1ci\u00f3kat. Munkaad\u00f3ja seg\u00edt ebben.<\/p>\n<p>\u0150szint\u00e9n hissz\u00fck, hogy megfelel\u0151 munkahelyet tudunk biztos\u00edtani \u00d6nnek is. Ha b\u00e1rmilyen k\u00e9rd\u00e9se lenne esetleg probl\u00e9m\u00e1i ad\u00f3dn\u00e1nak akkor is itt vagyunk \u00d6nnek, hogy t\u00e1j\u00e9koztassuk \u00e9s seg\u00edts\u00e9get ny\u00fajtsunk minden helyzetben.<\/p>\n<h3>Kell fizetni d\u00edjat az \u00fcgyn\u00f6ks\u00e9gnek?<\/h3>\n<p>A mi \u00fcgyn\u00f6ks\u00e9g\u00fcnk d\u00edjmentesen garant\u00e1lja a teljes k\u00f6r\u0171 szolg\u00e1ltat\u00e1st \u00e9s \u00fcgyint\u00e9z\u00e9st. N\u00e1lunk nincsenek adminisztr\u00e1ci\u00f3s, k\u00f6zvet\u00edt\u00e9si \u00e9s egy\u00e9bb rejtett d\u00edjak.<\/p>\n<h3>Az utaz\u00e1s k\u00f6lts\u00e9gei fizetve vannak?<\/h3>\n<p>Igen, 1-3 h\u00f3nap ledolgozott munka ut\u00e1n ak\u00e1r <strong>16 000 &#8211; 40 000 HUF t\u00e1mogat\u00e1st is visszaig\u00e9nyelhet buszjegy\u00e9re vagy rep\u00fcl\u0151jegy\u00e9re.<\/strong><\/p>\n<h3>Milyen tov\u00e1bbi k\u00f6lts\u00e9gei vannak a munk\u00e1ba \u00e1ll\u00e1snak ?<\/h3>\n<p>Az Live in care poz\u00edci\u00f3val az els\u0151 fizet\u00e9s meg\u00e9rkez\u00e9s\u00e9ig csak kev\u00e9s p\u00e9nzre van sz\u00fcks\u00e9g a szem\u00e9lyes kiad\u00e1sok fedez\u00e9s\u00e9re, mivel a csal\u00e1dban a sz\u00e1ll\u00e1s \u00e9s az \u00e9tkez\u00e9s ingyenes. Ezzel egyidej\u0171leg a rep\u00fcl\u0151jegyet is ki kell fizetni, amit az els\u0151 fizet\u00e9sben teljes eg\u00e9sz\u00e9ben visszat\u00e9r\u00edtenek.<\/p>\n<p>A Care assistant poz\u00edci\u00f3hoz sz\u00fcks\u00e9ges az els\u0151 b\u00e9rleti d\u00edj \u00e9s a sz\u00e1ll\u00e1s kauci\u00f3j\u00e1nak kifizet\u00e9se (\u00f6sszesen 1400 eur\u00f3 k\u00f6r\u00fcl), valamint a szem\u00e9lyi kiad\u00e1sok fedez\u00e9s\u00e9re is az els\u0151 fizet\u00e9s meg\u00e9rkez\u00e9s\u00e9ig. Egy\u00fattal a rep\u00fcl\u0151jegyet is fizetni kell, amit 3 h\u00f3nap munka ut\u00e1n t\u00e9r\u00edtenek vissza.<\/p>\n<h3>Van es\u00e9lyem akkor is ha nem rendelkezek \u00e1pol\u00f3i tapasztalattal \u00e9s csak alap fok\u00fa angol tud\u00e1ssal?<\/h3>\n<p>A munkaad\u00f3k csak olyan jel\u00f6lteket alkalmaznak, akik szakmai \u00e1pol\u00f3i vagy eg\u00e9szs\u00e9g\u00fcgyi tapasztalattal rendelkeznek. Legal\u00e1bb k\u00f6zepes szint\u0171 kommunik\u00e1ci\u00f3k\u00e9pes angol nyelvtud\u00e1s sz\u00fcks\u00e9ges.<\/p>\n<h3>Sz\u00fcks\u00e9ges a szem\u00e9lyes interj\u00fahoz utazni?<\/h3>\n<p>N\u00e1lunk mindent k\u00e9nyelmesen, <strong>az otthon\u00e1b\u00f3l int\u00e9zhet \u00e9s szem\u00e9lyes interj\u00fa n\u00e9lk\u00fcl<\/strong>. Nyelvi tud\u00e1s\u00e1nak felm\u00e9r\u00e9s\u00e9t valamint a munkaad\u00f3val val\u00f3 besz\u00e9lget\u00e9st is telefonon vagy Whatsapp-n kereszt\u00fcl v\u00e9gezzz\u00fck.<\/p>\n<h3>Mennyi ideig tart a munka int\u00e9z\u00e9se?<\/h3>\n<p>A els\u0151, bevezet\u0151 besz\u00e9lget\u00e9st k\u00f6vet\u0151en a kiutaz\u00e1sig \u00e1ltal\u00e1ban <strong>4-6 h\u00e9t<\/strong> telik el.<\/p>\n<h3>Sz\u00e1ll\u00e1shely biztos\u00edtott?<\/h3>\n<p>\u00c9l\u0151 Live in carer poz\u00edci\u00f3ban sz\u00e1ll\u00e1st biztos\u00edtunk k\u00f6zvetlen\u00fcl az \u00fcgyf\u00e9l otthon\u00e1ban.<br \/>\n\u00c9l\u0151 Care assistant asszisztensk\u00e9nt seg\u00edt\u00fcnk sz\u00e1ll\u00e1st tal\u00e1lni.<\/p>\n<h3>Milyen iratokat kell leford\u00edtani?<\/h3>\n<p>Sz\u00fcks\u00e9ge lesz kor\u00e1bbi referenci\u00e1ra, sz\u00fclet\u00e9si anyak\u00f6nyvi kivonatra \u00e9s erk\u00f6lcsi bizony\u00edtv\u00e1nyra. A sz\u00fcks\u00e9ges iratokr\u00f3l term\u00e9szetesen t\u00e1j\u00e9koztatjuk \u00d6nt.<\/p>\n<h3>V\u00e1llalhatok munk\u00e1t a bar\u00e1tn\u0151mmel vagy utazhatok a partneremmel?<\/h3>\n<p>A k\u00f6z\u00f6s elhelyez\u00e9s \u00e9s munkav\u00e1llal\u00e1s lehets\u00e9ges a Care Assistant- szoci\u00e1lis \u00e1pol\u00f3i \u00e1ll\u00e1sok eset\u00e9n, \u00edgy k\u00f6z\u00f6sen \u00e9lhetnek a szoci\u00e1lis otthonban.<\/p>\n<h3>Kihez fordulhatok ha b\u00e1rmilyen probl\u00e9m\u00e1m ad\u00f3dik a munkakezd\u00e9s ut\u00e1n?<\/h3>\n<p>Nagyra \u00e9rt\u00e9kelj\u00fck ha a kiutaz\u00e1s ut\u00e1n nem szak\u00edtja meg vel\u00fcnk a kapcsolatot. Ha b\u00e1rmilyen k\u00e9rd\u00e9se vagy probl\u00e9m\u00e1ja van b\u00e1rmikor felveheti vel\u00fcnk a kapcsolatot \u00e9s igyekezni fogunk seg\u00edteni \u00d6nt a megold\u00e1sban.<\/p>\n<h3>Kapok \u00fatmutat\u00e1st is?<\/h3>\n<p>A rep\u00fcl\u0151jegy megv\u00e1s\u00e1rl\u00e1sa ut\u00e1n pontos utitervet dolgozunk ki \u00d6nnek a munkaad\u00f3val val\u00f3 tal\u00e1lkoz\u00f3helyig.<\/p>\n<h3>Dolgoznak magyarok is a munkaad\u00f3n\u00e1l?<\/h3>\n<p>Val\u00f3sz\u00edn\u00fcleg a munkaad\u00f3n\u00e1l dolgoznak olyan magyarok is akik az \u00fcgyn\u00f6ks\u00e9g\u00fcnk seg\u00edts\u00e9g\u00e9vel utaztak ki. Mi sz\u00edvesen megadjuk \u00d6nnek a kapcsolatfelv\u00e9telhez sz\u00fcks\u00e9ges inform\u00e1ci\u00f3kat.<\/p>\n<h3>Mit kell tennem ha szeretn\u00e9k munkaad\u00f3t vagy poz\u00edci\u00f3t v\u00e1ltoztatni?<\/h3>\n<p>Ha munkak\u00f6rt vagy munkaad\u00f3t szeretne v\u00e1ltoztatni akkor is forduljon nyugodtan hozz\u00e1nk, mi sz\u00edvesen seg\u00edt\u00fcnk ebben is. Ebben az esetben legt\u00f6bbsz\u00f6r hazautaz\u00e1s \u00e9s k\u00e9nyszersz\u00fcnet n\u00e9lk\u00fcl tudunk \u00faj \u00e1ll\u00e1st biztos\u00edtani.<\/p>\n<p style=\"text-align: right;\">Van tov\u00e1bbi k\u00e9rd\u00e9se? <a href=\"https:\/\/www.work-now.eu\/hu\/elerhetoseg\/\">Vegye fel vel\u00fcnk a kapcsolatot \u2192<\/a><\/p>\n","protected":false},"excerpt":{"rendered":"<p>Hogyan m\u0171k\u00f6dik az eg\u00e9sz? Az \u00d6n egy\u00e9ni ig\u00e9nyeinek meghat\u00e1roz\u00e1sa \u00e9s megismer\u00e9se ut\u00e1n pr\u00f3b\u00e1ljuk \u00d6nnek a legmegfelel\u0151bb aj\u00e1nlatokat felk\u00edn\u00e1lni. Nem k\u00edn\u00e1lunk mindenkinek minden munk\u00e1t! Ezut\u00e1n m\u00e1r csak \u00d6n\u00f6n \u00e9s az intu\u00edci\u00f3j\u00e1n m\u00falik, hogy melyik a megfelel\u0151 aj\u00e1nlat. Ez az elj\u00e1r\u00e1s sok elpocs\u00e9kolt id\u0151t \u00e9s felesleges pr\u00f3b\u00e1lkoz\u00e1sokat sp\u00f3rol nek\u00fcnk. Mi ny\u00edlt lapokkal \u00e9s tisztess\u00e9gesen j\u00e1tszunk! Ha nem<\/p>\n","protected":false},"author":1,"featured_media":75,"parent":0,"menu_order":0,"comment_status":"closed","ping_status":"closed","template":"","meta":{"_acf_changed":false,"footnotes":""},"class_list":["post-156","page","type-page","status-publish","has-post-thumbnail","hentry","necervensie"],"acf":[],"yoast_head":"<!-- This site is optimized with the Yoast SEO plugin v26.1.1 - https:\/\/yoast.com\/wordpress\/plugins\/seo\/ -->\n<title>Hogyan lehet munk\u00e1t tal\u00e1lni angolul? \u0151rizet k\u00fclf\u00f6ld\u00f6n<\/title>\n<meta name=\"description\" content=\"az \u00e1pol\u00f3i poz\u00edci\u00f3k legjobb k\u00edn\u00e1lata messze! T\u00f6bb mint 3600 el\u00e9gedett jel\u00f6lt!\" \/>\n<meta name=\"robots\" content=\"index, follow, max-snippet:-1, max-image-preview:large, max-video-preview:-1\" \/>\n<meta property=\"og:locale\" content=\"hu_HU\" \/>\n<meta property=\"og:type\" content=\"article\" \/>\n<meta property=\"og:title\" content=\"Hogyan lehet munk\u00e1t tal\u00e1lni angolul? \u0151rizet k\u00fclf\u00f6ld\u00f6n\" \/>\n<meta property=\"og:description\" content=\"az \u00e1pol\u00f3i poz\u00edci\u00f3k legjobb k\u00edn\u00e1lata messze! T\u00f6bb mint 3600 el\u00e9gedett jel\u00f6lt!\" \/>\n<meta property=\"og:url\" content=\"https:\/\/www.work-now.eu\/hu\/kerdesek\/\" \/>\n<meta property=\"og:site_name\" content=\"Work now!\" \/>\n<meta property=\"article:modified_time\" content=\"2025-12-10T10:25:29+00:00\" \/>\n<meta property=\"og:image\" content=\"https:\/\/www.work-now.eu\/wp-content\/uploads\/2018\/04\/anglicko_ulica.jpg\" \/>\n\t<meta property=\"og:image:width\" content=\"1280\" \/>\n\t<meta property=\"og:image:height\" content=\"822\" \/>\n\t<meta property=\"og:image:type\" content=\"image\/jpeg\" \/>\n<meta name=\"twitter:card\" content=\"summary_large_image\" \/>\n<meta name=\"twitter:label1\" content=\"Becs\u00fclt olvas\u00e1si id\u0151\" \/>\n\t<meta name=\"twitter:data1\" content=\"3 perc\" \/>\n<script type=\"application\/ld+json\" class=\"yoast-schema-graph\">{\"@context\":\"https:\/\/schema.org\",\"@graph\":[{\"@type\":\"WebPage\",\"@id\":\"https:\/\/www.work-now.eu\/hu\/kerdesek\/\",\"url\":\"https:\/\/www.work-now.eu\/hu\/kerdesek\/\",\"name\":\"Hogyan lehet munk\u00e1t tal\u00e1lni angolul? \u0151rizet k\u00fclf\u00f6ld\u00f6n\",\"isPartOf\":{\"@id\":\"https:\/\/www.work-now.eu\/hu\/#website\"},\"primaryImageOfPage\":{\"@id\":\"https:\/\/www.work-now.eu\/hu\/kerdesek\/#primaryimage\"},\"image\":{\"@id\":\"https:\/\/www.work-now.eu\/hu\/kerdesek\/#primaryimage\"},\"thumbnailUrl\":\"https:\/\/www.work-now.eu\/wp-content\/uploads\/2018\/04\/anglicko_ulica.jpg\",\"datePublished\":\"2018-05-04T14:03:46+00:00\",\"dateModified\":\"2025-12-10T10:25:29+00:00\",\"description\":\"az \u00e1pol\u00f3i poz\u00edci\u00f3k legjobb k\u00edn\u00e1lata messze! T\u00f6bb mint 3600 el\u00e9gedett jel\u00f6lt!\",\"breadcrumb\":{\"@id\":\"https:\/\/www.work-now.eu\/hu\/kerdesek\/#breadcrumb\"},\"inLanguage\":\"hu\",\"potentialAction\":[{\"@type\":\"ReadAction\",\"target\":[\"https:\/\/www.work-now.eu\/hu\/kerdesek\/\"]}]},{\"@type\":\"ImageObject\",\"inLanguage\":\"hu\",\"@id\":\"https:\/\/www.work-now.eu\/hu\/kerdesek\/#primaryimage\",\"url\":\"https:\/\/www.work-now.eu\/wp-content\/uploads\/2018\/04\/anglicko_ulica.jpg\",\"contentUrl\":\"https:\/\/www.work-now.eu\/wp-content\/uploads\/2018\/04\/anglicko_ulica.jpg\",\"width\":1280,\"height\":822,\"caption\":\"Ulica v Anglicku\"},{\"@type\":\"BreadcrumbList\",\"@id\":\"https:\/\/www.work-now.eu\/hu\/kerdesek\/#breadcrumb\",\"itemListElement\":[{\"@type\":\"ListItem\",\"position\":1,\"name\":\"Home\",\"item\":\"https:\/\/www.work-now.eu\/hu\/\"},{\"@type\":\"ListItem\",\"position\":2,\"name\":\"Gyakran feltett k\u00e9rd\u00e9sek\"}]},{\"@type\":\"WebSite\",\"@id\":\"https:\/\/www.work-now.eu\/hu\/#website\",\"url\":\"https:\/\/www.work-now.eu\/hu\/\",\"name\":\"Work now!\",\"description\":\"Employment agency\",\"publisher\":{\"@id\":\"https:\/\/www.work-now.eu\/hu\/#organization\"},\"potentialAction\":[{\"@type\":\"SearchAction\",\"target\":{\"@type\":\"EntryPoint\",\"urlTemplate\":\"https:\/\/www.work-now.eu\/hu\/?s={search_term_string}\"},\"query-input\":{\"@type\":\"PropertyValueSpecification\",\"valueRequired\":true,\"valueName\":\"search_term_string\"}}],\"inLanguage\":\"hu\"},{\"@type\":\"Organization\",\"@id\":\"https:\/\/www.work-now.eu\/hu\/#organization\",\"name\":\"IFNE Slovakia s.r.o.\",\"url\":\"https:\/\/www.work-now.eu\/hu\/\",\"logo\":{\"@type\":\"ImageObject\",\"inLanguage\":\"hu\",\"@id\":\"https:\/\/www.work-now.eu\/hu\/#\/schema\/logo\/image\/\",\"url\":\"https:\/\/www.work-now.eu\/wp-content\/uploads\/2018\/05\/logo.png\",\"contentUrl\":\"https:\/\/www.work-now.eu\/wp-content\/uploads\/2018\/05\/logo.png\",\"width\":748,\"height\":113,\"caption\":\"IFNE Slovakia s.r.o.\"},\"image\":{\"@id\":\"https:\/\/www.work-now.eu\/hu\/#\/schema\/logo\/image\/\"}}]}<\/script>\n<!-- \/ Yoast SEO plugin. -->","yoast_head_json":{"title":"Hogyan lehet munk\u00e1t tal\u00e1lni angolul? \u0151rizet k\u00fclf\u00f6ld\u00f6n","description":"az \u00e1pol\u00f3i poz\u00edci\u00f3k legjobb k\u00edn\u00e1lata messze! T\u00f6bb mint 3600 el\u00e9gedett jel\u00f6lt!","robots":{"index":"index","follow":"follow","max-snippet":"max-snippet:-1","max-image-preview":"max-image-preview:large","max-video-preview":"max-video-preview:-1"},"og_locale":"hu_HU","og_type":"article","og_title":"Hogyan lehet munk\u00e1t tal\u00e1lni angolul? \u0151rizet k\u00fclf\u00f6ld\u00f6n","og_description":"az \u00e1pol\u00f3i poz\u00edci\u00f3k legjobb k\u00edn\u00e1lata messze! T\u00f6bb mint 3600 el\u00e9gedett jel\u00f6lt!","og_url":"https:\/\/www.work-now.eu\/hu\/kerdesek\/","og_site_name":"Work now!","article_modified_time":"2025-12-10T10:25:29+00:00","og_image":[{"width":1280,"height":822,"url":"https:\/\/www.work-now.eu\/wp-content\/uploads\/2018\/04\/anglicko_ulica.jpg","type":"image\/jpeg"}],"twitter_card":"summary_large_image","twitter_misc":{"Becs\u00fclt olvas\u00e1si id\u0151":"3 perc"},"schema":{"@context":"https:\/\/schema.org","@graph":[{"@type":"WebPage","@id":"https:\/\/www.work-now.eu\/hu\/kerdesek\/","url":"https:\/\/www.work-now.eu\/hu\/kerdesek\/","name":"Hogyan lehet munk\u00e1t tal\u00e1lni angolul? \u0151rizet k\u00fclf\u00f6ld\u00f6n","isPartOf":{"@id":"https:\/\/www.work-now.eu\/hu\/#website"},"primaryImageOfPage":{"@id":"https:\/\/www.work-now.eu\/hu\/kerdesek\/#primaryimage"},"image":{"@id":"https:\/\/www.work-now.eu\/hu\/kerdesek\/#primaryimage"},"thumbnailUrl":"https:\/\/www.work-now.eu\/wp-content\/uploads\/2018\/04\/anglicko_ulica.jpg","datePublished":"2018-05-04T14:03:46+00:00","dateModified":"2025-12-10T10:25:29+00:00","description":"az \u00e1pol\u00f3i poz\u00edci\u00f3k legjobb k\u00edn\u00e1lata messze! T\u00f6bb mint 3600 el\u00e9gedett jel\u00f6lt!","breadcrumb":{"@id":"https:\/\/www.work-now.eu\/hu\/kerdesek\/#breadcrumb"},"inLanguage":"hu","potentialAction":[{"@type":"ReadAction","target":["https:\/\/www.work-now.eu\/hu\/kerdesek\/"]}]},{"@type":"ImageObject","inLanguage":"hu","@id":"https:\/\/www.work-now.eu\/hu\/kerdesek\/#primaryimage","url":"https:\/\/www.work-now.eu\/wp-content\/uploads\/2018\/04\/anglicko_ulica.jpg","contentUrl":"https:\/\/www.work-now.eu\/wp-content\/uploads\/2018\/04\/anglicko_ulica.jpg","width":1280,"height":822,"caption":"Ulica v Anglicku"},{"@type":"BreadcrumbList","@id":"https:\/\/www.work-now.eu\/hu\/kerdesek\/#breadcrumb","itemListElement":[{"@type":"ListItem","position":1,"name":"Home","item":"https:\/\/www.work-now.eu\/hu\/"},{"@type":"ListItem","position":2,"name":"Gyakran feltett k\u00e9rd\u00e9sek"}]},{"@type":"WebSite","@id":"https:\/\/www.work-now.eu\/hu\/#website","url":"https:\/\/www.work-now.eu\/hu\/","name":"Work now!","description":"Employment agency","publisher":{"@id":"https:\/\/www.work-now.eu\/hu\/#organization"},"potentialAction":[{"@type":"SearchAction","target":{"@type":"EntryPoint","urlTemplate":"https:\/\/www.work-now.eu\/hu\/?s={search_term_string}"},"query-input":{"@type":"PropertyValueSpecification","valueRequired":true,"valueName":"search_term_string"}}],"inLanguage":"hu"},{"@type":"Organization","@id":"https:\/\/www.work-now.eu\/hu\/#organization","name":"IFNE Slovakia s.r.o.","url":"https:\/\/www.work-now.eu\/hu\/","logo":{"@type":"ImageObject","inLanguage":"hu","@id":"https:\/\/www.work-now.eu\/hu\/#\/schema\/logo\/image\/","url":"https:\/\/www.work-now.eu\/wp-content\/uploads\/2018\/05\/logo.png","contentUrl":"https:\/\/www.work-now.eu\/wp-content\/uploads\/2018\/05\/logo.png","width":748,"height":113,"caption":"IFNE Slovakia s.r.o."},"image":{"@id":"https:\/\/www.work-now.eu\/hu\/#\/schema\/logo\/image\/"}}]}},"_links":{"self":[{"href":"https:\/\/www.work-now.eu\/hu\/wp-json\/wp\/v2\/pages\/156","targetHints":{"allow":["GET"]}}],"collection":[{"href":"https:\/\/www.work-now.eu\/hu\/wp-json\/wp\/v2\/pages"}],"about":[{"href":"https:\/\/www.work-now.eu\/hu\/wp-json\/wp\/v2\/types\/page"}],"author":[{"embeddable":true,"href":"https:\/\/www.work-now.eu\/hu\/wp-json\/wp\/v2\/users\/1"}],"replies":[{"embeddable":true,"href":"https:\/\/www.work-now.eu\/hu\/wp-json\/wp\/v2\/comments?post=156"}],"version-history":[{"count":2,"href":"https:\/\/www.work-now.eu\/hu\/wp-json\/wp\/v2\/pages\/156\/revisions"}],"predecessor-version":[{"id":9011,"href":"https:\/\/www.work-now.eu\/hu\/wp-json\/wp\/v2\/pages\/156\/revisions\/9011"}],"wp:featuredmedia":[{"embeddable":true,"href":"https:\/\/www.work-now.eu\/hu\/wp-json\/wp\/v2\/media\/75"}],"wp:attachment":[{"href":"https:\/\/www.work-now.eu\/hu\/wp-json\/wp\/v2\/media?parent=156"}],"curies":[{"name":"wp","href":"https:\/\/api.w.org\/{rel}","templated":true}]}}