{"id":1514,"date":"2026-03-23T10:26:00","date_gmt":"2026-03-23T08:26:00","guid":{"rendered":"https:\/\/www.work-now.eu\/ponuky\/care-assistant-opatrovatel-ka-seniorov-v-opatrovatelskom-dome-irsko\/"},"modified":"2026-03-27T12:20:12","modified_gmt":"2026-03-27T10:20:12","slug":"care-assistant-opatrovatel-ka-seniorov-v-opatrovatelskom-dome-irsko","status":"publish","type":"ponuky","link":"https:\/\/www.work-now.eu\/hu\/munkalehetosegek\/care-assistant-opatrovatel-ka-seniorov-v-opatrovatelskom-dome-irsko\/","title":{"rendered":"Care Assistant &#8211; szoci\u00e1lis gondoz\u00f3\/n\u0151, \u00e1pol\u00f3\/n\u0151 \u00cdRORSZ\u00c1G"},"content":{"rendered":"\n<p>Mindennapi teend\u0151kben val\u00f3 seg\u00edts\u00e9gny\u00fajt\u00e1s egy nyugd\u00edjas szoci\u00e1lis otthonban, tiszt\u00e1lkod\u00e1s, \u00f6lt\u00f6zk\u00f6d\u00e9s, \u00e9tkez\u00e9s, egyszer\u0171 h\u00e1zimunk\u00e1k valamint szabadt\u00e9ri s\u00e9t\u00e1l\u00e1s, szabadid\u0151s tev\u00e9kenys\u00e9gek tervez\u00e9se \u00e9s a tev\u00e9kenys\u00e9geken val\u00f3 r\u00e9szv\u00e9tel, a n\u0151v\u00e9rek szakmai feladataiban val\u00f3 t\u00e1mogat\u00e1s \u00e9s seg\u00e9dlet.<\/p>\n","protected":false},"excerpt":{"rendered":"<p>Mindennapi teend\u0151kben val\u00f3 seg\u00edts\u00e9gny\u00fajt\u00e1s egy nyugd\u00edjas szoci\u00e1lis otthonban, tiszt\u00e1lkod\u00e1s, \u00f6lt\u00f6zk\u00f6d\u00e9s, \u00e9tkez\u00e9s, egyszer\u0171 h\u00e1zimunk\u00e1k valamint szabadt\u00e9ri s\u00e9t\u00e1l\u00e1s, szabadid\u0151s tev\u00e9kenys\u00e9gek tervez\u00e9se \u00e9s a tev\u00e9kenys\u00e9geken val\u00f3 r\u00e9szv\u00e9tel, a n\u0151v\u00e9rek szakmai feladataiban val\u00f3 t\u00e1mogat\u00e1s \u00e9s seg\u00e9dlet.<\/p>\n","protected":false},"author":1,"featured_media":1509,"template":"","class_list":["post-1514","ponuky","type-ponuky","status-publish","has-post-thumbnail","hentry","necervensie"],"acf":{"wage":"14.50 - 15.50Eur \/ \u00f3ra, fizetett sz\u00fcnetek","locality":"Dublin, Meath, Kildare, Carlow, Westmeath - \u00cdrorsz\u00e1g","latitude":"53.441330","longitude":"-105.365150","contract_type":"min.42 \u00f3ra \/ h\u00e9t","shifts":"","accommodation_food":"A munk\u00e1ltat\u00f3 hozz\u00e1j\u00e1rul a munkav\u00e1llal\u00f3 \u00e1ltal saj\u00e1t maga biztos\u00edtott sz\u00e1ll\u00e1s b\u00e9rleti d\u00edj\u00e1hoz \u00e9s kauci\u00f3j\u00e1hoz.","benefits":"<ul>\r\n \t<li>\u201eWelcome pack\u201d, amely tartalmaz SIM-k\u00e1rty\u00e1t, \u00e1gynem\u0171t, alapvet\u0151 \u00e9lelmiszereket\u2026<\/li>\r\n \t<li>Magasabb b\u00e9rek h\u00e9tv\u00e9g\u00e9n<\/li>\r\n \t<li>Dublin \u00e9s m\u00e1s nagyobb v\u00e1rosok vonz\u00f3 elhelyezked\u00e9se<\/li>\r\n \t<li>Ingyenes k\u00e9pz\u00e9s biztos\u00edtott<\/li>\r\n \t<li>Rep\u00fcl\u0151jegy-visszat\u00e9r\u00edt\u00e9s ak\u00e1r 300 eur\u00f3ig<\/li>\r\n \t<li>1 h\u00f3nap sz\u00e1ll\u00e1sk\u00f6lts\u00e9g-visszat\u00e9r\u00edt\u00e9s (ak\u00e1r 600 eur\u00f3ig)<\/li>\r\n \t<li>Sz\u00e1ll\u00e1sfoglal\u00e1si kauci\u00f3 visszat\u00e9r\u00edt\u00e9se<\/li>\r\n<\/ul>","start_date":"2026-04-01 00:00:00"},"yoast_head":"<!-- This site is optimized with the Yoast SEO plugin v26.1.1 - https:\/\/yoast.com\/wordpress\/plugins\/seo\/ -->\n<title>Care Assistant - szoci\u00e1lis gondoz\u00f3\/n\u0151, \u00e1pol\u00f3\/n\u0151 \u00cdRORSZ\u00c1G &#8212; Work now!<\/title>\n<meta name=\"robots\" content=\"index, follow, max-snippet:-1, max-image-preview:large, max-video-preview:-1\" \/>\n<meta property=\"og:locale\" content=\"hu_HU\" \/>\n<meta property=\"og:type\" content=\"article\" \/>\n<meta property=\"og:title\" content=\"Care Assistant - szoci\u00e1lis gondoz\u00f3\/n\u0151, \u00e1pol\u00f3\/n\u0151 \u00cdRORSZ\u00c1G &#8212; Work now!\" \/>\n<meta property=\"og:description\" content=\"Mindennapi teend\u0151kben val\u00f3 seg\u00edts\u00e9gny\u00fajt\u00e1s egy nyugd\u00edjas szoci\u00e1lis otthonban, tiszt\u00e1lkod\u00e1s, \u00f6lt\u00f6zk\u00f6d\u00e9s, \u00e9tkez\u00e9s, egyszer\u0171 h\u00e1zimunk\u00e1k valamint szabadt\u00e9ri s\u00e9t\u00e1l\u00e1s, szabadid\u0151s tev\u00e9kenys\u00e9gek tervez\u00e9se \u00e9s a tev\u00e9kenys\u00e9geken val\u00f3 r\u00e9szv\u00e9tel, a n\u0151v\u00e9rek szakmai feladataiban val\u00f3 t\u00e1mogat\u00e1s \u00e9s seg\u00e9dlet.\" \/>\n<meta property=\"og:url\" content=\"https:\/\/www.work-now.eu\/hu\/munkalehetosegek\/care-assistant-opatrovatel-ka-seniorov-v-opatrovatelskom-dome-irsko\/\" \/>\n<meta property=\"og:site_name\" content=\"Work now!\" \/>\n<meta property=\"article:modified_time\" content=\"2026-03-27T10:20:12+00:00\" \/>\n<meta property=\"og:image\" content=\"https:\/\/www.work-now.eu\/wp-content\/uploads\/2021\/10\/Beechtree.jpg\" \/>\n\t<meta property=\"og:image:width\" content=\"1402\" \/>\n\t<meta property=\"og:image:height\" content=\"939\" \/>\n\t<meta property=\"og:image:type\" content=\"image\/jpeg\" \/>\n<meta name=\"twitter:card\" content=\"summary_large_image\" \/>\n<meta name=\"twitter:label1\" content=\"Becs\u00fclt olvas\u00e1si id\u0151\" \/>\n\t<meta name=\"twitter:data1\" content=\"1 perc\" \/>\n<script type=\"application\/ld+json\" class=\"yoast-schema-graph\">{\"@context\":\"https:\/\/schema.org\",\"@graph\":[{\"@type\":\"WebPage\",\"@id\":\"https:\/\/www.work-now.eu\/hu\/munkalehetosegek\/care-assistant-opatrovatel-ka-seniorov-v-opatrovatelskom-dome-irsko\/\",\"url\":\"https:\/\/www.work-now.eu\/hu\/munkalehetosegek\/care-assistant-opatrovatel-ka-seniorov-v-opatrovatelskom-dome-irsko\/\",\"name\":\"Care Assistant - szoci\u00e1lis gondoz\u00f3\/n\u0151, \u00e1pol\u00f3\/n\u0151 \u00cdRORSZ\u00c1G &#8212; Work now!\",\"isPartOf\":{\"@id\":\"https:\/\/www.work-now.eu\/hu\/#website\"},\"primaryImageOfPage\":{\"@id\":\"https:\/\/www.work-now.eu\/hu\/munkalehetosegek\/care-assistant-opatrovatel-ka-seniorov-v-opatrovatelskom-dome-irsko\/#primaryimage\"},\"image\":{\"@id\":\"https:\/\/www.work-now.eu\/hu\/munkalehetosegek\/care-assistant-opatrovatel-ka-seniorov-v-opatrovatelskom-dome-irsko\/#primaryimage\"},\"thumbnailUrl\":\"https:\/\/www.work-now.eu\/wp-content\/uploads\/2021\/10\/Beechtree.jpg\",\"datePublished\":\"2026-03-23T08:26:00+00:00\",\"dateModified\":\"2026-03-27T10:20:12+00:00\",\"breadcrumb\":{\"@id\":\"https:\/\/www.work-now.eu\/hu\/munkalehetosegek\/care-assistant-opatrovatel-ka-seniorov-v-opatrovatelskom-dome-irsko\/#breadcrumb\"},\"inLanguage\":\"hu\",\"potentialAction\":[{\"@type\":\"ReadAction\",\"target\":[\"https:\/\/www.work-now.eu\/hu\/munkalehetosegek\/care-assistant-opatrovatel-ka-seniorov-v-opatrovatelskom-dome-irsko\/\"]}]},{\"@type\":\"ImageObject\",\"inLanguage\":\"hu\",\"@id\":\"https:\/\/www.work-now.eu\/hu\/munkalehetosegek\/care-assistant-opatrovatel-ka-seniorov-v-opatrovatelskom-dome-irsko\/#primaryimage\",\"url\":\"https:\/\/www.work-now.eu\/wp-content\/uploads\/2021\/10\/Beechtree.jpg\",\"contentUrl\":\"https:\/\/www.work-now.eu\/wp-content\/uploads\/2021\/10\/Beechtree.jpg\",\"width\":1402,\"height\":939},{\"@type\":\"BreadcrumbList\",\"@id\":\"https:\/\/www.work-now.eu\/hu\/munkalehetosegek\/care-assistant-opatrovatel-ka-seniorov-v-opatrovatelskom-dome-irsko\/#breadcrumb\",\"itemListElement\":[{\"@type\":\"ListItem\",\"position\":1,\"name\":\"Home\",\"item\":\"https:\/\/www.work-now.eu\/hu\/\"},{\"@type\":\"ListItem\",\"position\":2,\"name\":\"Aktu\u00e1lis aj\u00e1nlatok\",\"item\":\"https:\/\/www.work-now.eu\/hu\/munkalehetosegek\/\"},{\"@type\":\"ListItem\",\"position\":3,\"name\":\"Care Assistant &#8211; szoci\u00e1lis gondoz\u00f3\/n\u0151, \u00e1pol\u00f3\/n\u0151 \u00cdRORSZ\u00c1G\"}]},{\"@type\":\"WebSite\",\"@id\":\"https:\/\/www.work-now.eu\/hu\/#website\",\"url\":\"https:\/\/www.work-now.eu\/hu\/\",\"name\":\"Work now!\",\"description\":\"Employment agency\",\"publisher\":{\"@id\":\"https:\/\/www.work-now.eu\/hu\/#organization\"},\"potentialAction\":[{\"@type\":\"SearchAction\",\"target\":{\"@type\":\"EntryPoint\",\"urlTemplate\":\"https:\/\/www.work-now.eu\/hu\/?s={search_term_string}\"},\"query-input\":{\"@type\":\"PropertyValueSpecification\",\"valueRequired\":true,\"valueName\":\"search_term_string\"}}],\"inLanguage\":\"hu\"},{\"@type\":\"Organization\",\"@id\":\"https:\/\/www.work-now.eu\/hu\/#organization\",\"name\":\"IFNE Slovakia s.r.o.\",\"url\":\"https:\/\/www.work-now.eu\/hu\/\",\"logo\":{\"@type\":\"ImageObject\",\"inLanguage\":\"hu\",\"@id\":\"https:\/\/www.work-now.eu\/hu\/#\/schema\/logo\/image\/\",\"url\":\"https:\/\/www.work-now.eu\/wp-content\/uploads\/2018\/05\/logo.png\",\"contentUrl\":\"https:\/\/www.work-now.eu\/wp-content\/uploads\/2018\/05\/logo.png\",\"width\":748,\"height\":113,\"caption\":\"IFNE Slovakia s.r.o.\"},\"image\":{\"@id\":\"https:\/\/www.work-now.eu\/hu\/#\/schema\/logo\/image\/\"}}]}<\/script>\n<!-- \/ Yoast SEO plugin. -->","yoast_head_json":{"title":"Care Assistant - szoci\u00e1lis gondoz\u00f3\/n\u0151, \u00e1pol\u00f3\/n\u0151 \u00cdRORSZ\u00c1G &#8212; Work now!","robots":{"index":"index","follow":"follow","max-snippet":"max-snippet:-1","max-image-preview":"max-image-preview:large","max-video-preview":"max-video-preview:-1"},"og_locale":"hu_HU","og_type":"article","og_title":"Care Assistant - szoci\u00e1lis gondoz\u00f3\/n\u0151, \u00e1pol\u00f3\/n\u0151 \u00cdRORSZ\u00c1G &#8212; Work now!","og_description":"Mindennapi teend\u0151kben val\u00f3 seg\u00edts\u00e9gny\u00fajt\u00e1s egy nyugd\u00edjas szoci\u00e1lis otthonban, tiszt\u00e1lkod\u00e1s, \u00f6lt\u00f6zk\u00f6d\u00e9s, \u00e9tkez\u00e9s, egyszer\u0171 h\u00e1zimunk\u00e1k valamint szabadt\u00e9ri s\u00e9t\u00e1l\u00e1s, szabadid\u0151s tev\u00e9kenys\u00e9gek tervez\u00e9se \u00e9s a tev\u00e9kenys\u00e9geken val\u00f3 r\u00e9szv\u00e9tel, a n\u0151v\u00e9rek szakmai feladataiban val\u00f3 t\u00e1mogat\u00e1s \u00e9s seg\u00e9dlet.","og_url":"https:\/\/www.work-now.eu\/hu\/munkalehetosegek\/care-assistant-opatrovatel-ka-seniorov-v-opatrovatelskom-dome-irsko\/","og_site_name":"Work now!","article_modified_time":"2026-03-27T10:20:12+00:00","og_image":[{"width":1402,"height":939,"url":"https:\/\/www.work-now.eu\/wp-content\/uploads\/2021\/10\/Beechtree.jpg","type":"image\/jpeg"}],"twitter_card":"summary_large_image","twitter_misc":{"Becs\u00fclt olvas\u00e1si id\u0151":"1 perc"},"schema":{"@context":"https:\/\/schema.org","@graph":[{"@type":"WebPage","@id":"https:\/\/www.work-now.eu\/hu\/munkalehetosegek\/care-assistant-opatrovatel-ka-seniorov-v-opatrovatelskom-dome-irsko\/","url":"https:\/\/www.work-now.eu\/hu\/munkalehetosegek\/care-assistant-opatrovatel-ka-seniorov-v-opatrovatelskom-dome-irsko\/","name":"Care Assistant - szoci\u00e1lis gondoz\u00f3\/n\u0151, \u00e1pol\u00f3\/n\u0151 \u00cdRORSZ\u00c1G &#8212; Work now!","isPartOf":{"@id":"https:\/\/www.work-now.eu\/hu\/#website"},"primaryImageOfPage":{"@id":"https:\/\/www.work-now.eu\/hu\/munkalehetosegek\/care-assistant-opatrovatel-ka-seniorov-v-opatrovatelskom-dome-irsko\/#primaryimage"},"image":{"@id":"https:\/\/www.work-now.eu\/hu\/munkalehetosegek\/care-assistant-opatrovatel-ka-seniorov-v-opatrovatelskom-dome-irsko\/#primaryimage"},"thumbnailUrl":"https:\/\/www.work-now.eu\/wp-content\/uploads\/2021\/10\/Beechtree.jpg","datePublished":"2026-03-23T08:26:00+00:00","dateModified":"2026-03-27T10:20:12+00:00","breadcrumb":{"@id":"https:\/\/www.work-now.eu\/hu\/munkalehetosegek\/care-assistant-opatrovatel-ka-seniorov-v-opatrovatelskom-dome-irsko\/#breadcrumb"},"inLanguage":"hu","potentialAction":[{"@type":"ReadAction","target":["https:\/\/www.work-now.eu\/hu\/munkalehetosegek\/care-assistant-opatrovatel-ka-seniorov-v-opatrovatelskom-dome-irsko\/"]}]},{"@type":"ImageObject","inLanguage":"hu","@id":"https:\/\/www.work-now.eu\/hu\/munkalehetosegek\/care-assistant-opatrovatel-ka-seniorov-v-opatrovatelskom-dome-irsko\/#primaryimage","url":"https:\/\/www.work-now.eu\/wp-content\/uploads\/2021\/10\/Beechtree.jpg","contentUrl":"https:\/\/www.work-now.eu\/wp-content\/uploads\/2021\/10\/Beechtree.jpg","width":1402,"height":939},{"@type":"BreadcrumbList","@id":"https:\/\/www.work-now.eu\/hu\/munkalehetosegek\/care-assistant-opatrovatel-ka-seniorov-v-opatrovatelskom-dome-irsko\/#breadcrumb","itemListElement":[{"@type":"ListItem","position":1,"name":"Home","item":"https:\/\/www.work-now.eu\/hu\/"},{"@type":"ListItem","position":2,"name":"Aktu\u00e1lis aj\u00e1nlatok","item":"https:\/\/www.work-now.eu\/hu\/munkalehetosegek\/"},{"@type":"ListItem","position":3,"name":"Care Assistant &#8211; szoci\u00e1lis gondoz\u00f3\/n\u0151, \u00e1pol\u00f3\/n\u0151 \u00cdRORSZ\u00c1G"}]},{"@type":"WebSite","@id":"https:\/\/www.work-now.eu\/hu\/#website","url":"https:\/\/www.work-now.eu\/hu\/","name":"Work now!","description":"Employment agency","publisher":{"@id":"https:\/\/www.work-now.eu\/hu\/#organization"},"potentialAction":[{"@type":"SearchAction","target":{"@type":"EntryPoint","urlTemplate":"https:\/\/www.work-now.eu\/hu\/?s={search_term_string}"},"query-input":{"@type":"PropertyValueSpecification","valueRequired":true,"valueName":"search_term_string"}}],"inLanguage":"hu"},{"@type":"Organization","@id":"https:\/\/www.work-now.eu\/hu\/#organization","name":"IFNE Slovakia s.r.o.","url":"https:\/\/www.work-now.eu\/hu\/","logo":{"@type":"ImageObject","inLanguage":"hu","@id":"https:\/\/www.work-now.eu\/hu\/#\/schema\/logo\/image\/","url":"https:\/\/www.work-now.eu\/wp-content\/uploads\/2018\/05\/logo.png","contentUrl":"https:\/\/www.work-now.eu\/wp-content\/uploads\/2018\/05\/logo.png","width":748,"height":113,"caption":"IFNE Slovakia s.r.o."},"image":{"@id":"https:\/\/www.work-now.eu\/hu\/#\/schema\/logo\/image\/"}}]}},"_links":{"self":[{"href":"https:\/\/www.work-now.eu\/hu\/wp-json\/wp\/v2\/ponuky\/1514","targetHints":{"allow":["GET"]}}],"collection":[{"href":"https:\/\/www.work-now.eu\/hu\/wp-json\/wp\/v2\/ponuky"}],"about":[{"href":"https:\/\/www.work-now.eu\/hu\/wp-json\/wp\/v2\/types\/ponuky"}],"author":[{"embeddable":true,"href":"https:\/\/www.work-now.eu\/hu\/wp-json\/wp\/v2\/users\/1"}],"wp:featuredmedia":[{"embeddable":true,"href":"https:\/\/www.work-now.eu\/hu\/wp-json\/wp\/v2\/media\/1509"}],"wp:attachment":[{"href":"https:\/\/www.work-now.eu\/hu\/wp-json\/wp\/v2\/media?parent=1514"}],"curies":[{"name":"wp","href":"https:\/\/api.w.org\/{rel}","templated":true}]}}